{"id":1931,"date":"2015-10-12T08:23:28","date_gmt":"2015-10-12T08:23:28","guid":{"rendered":"https:\/\/akurats.com\/?page_id=1931"},"modified":"2021-10-12T17:58:19","modified_gmt":"2021-10-12T17:58:19","slug":"kkk","status":"publish","type":"page","link":"https:\/\/akurats.com\/et\/meist\/kkk\/","title":{"rendered":"KKK"},"content":{"rendered":"<div id=\"pl-1931\"  class=\"panel-layout\" ><div id=\"pg-1931-0\"  class=\"panel-grid panel-no-style\" ><div id=\"pgc-1931-0-0\"  class=\"panel-grid-cell\" ><div id=\"panel-1931-0-0-0\" class=\"so-panel widget widget_sow-accordion panel-first-child panel-last-child\" data-index=\"0\" ><div class=\"faq-accordion panel-widget-style panel-widget-style-for-1931-0-0-0\" ><div\n\t\t\t\n\t\t\tclass=\"so-widget-sow-accordion so-widget-sow-accordion-default-63770d760063-1931\"\n\t\t\t\n\t\t><div>\n\t<div class=\"sow-accordion\">\n\t\t\t<div class=\"sow-accordion-panel sow-accordion-panel-open\"\n\t\t\t data-anchor=\"1-kui-varakult-pean-telgi-reserveerima\">\n\t\t\t\t<div class=\"sow-accordion-panel-header-container\" role=\"heading\" aria-level=\"2\">\n\t\t\t\t\t<div class=\"sow-accordion-panel-header\" tabindex=\"0\" role=\"button\" id=\"accordion-label-1-kui-varakult-pean-telgi-reserveerima\" aria-controls=\"accordion-content-1-kui-varakult-pean-telgi-reserveerima\" aria-expanded=\"true\">\n\t\t\t\t\t\t<div class=\"sow-accordion-title sow-accordion-title-icon-left\">\n\t\t\t\t\t\t\t\t\t\t\t\t\t\t1. Kui varakult pean telgi reserveerima?\t\t\t\t\t\t\t\t\t\t\t\t\t<\/div>\n\t\t\t\t\t\t<div class=\"sow-accordion-open-close-button\">\n\t\t\t\t\t\t\t<div class=\"sow-accordion-open-button\">\n\t\t\t\t\t\t\t\t<span class=\"sow-icon-ionicons\" data-sow-icon=\"&#xf218;\"\n\t\t \n\t\taria-hidden=\"true\"><\/span>\t\t\t\t\t\t\t<\/div>\n\t\t\t\t\t\t\t<div class=\"sow-accordion-close-button\">\n\t\t\t\t\t\t\t\t<span class=\"sow-icon-ionicons\" data-sow-icon=\"&#xf209;\"\n\t\t \n\t\taria-hidden=\"true\"><\/span>\t\t\t\t\t\t\t<\/div>\n\t\t\t\t\t\t<\/div>\n\t\t\t\t\t<\/div>\n\t\t\t\t<\/div>\n\n\t\t\t<div\n\t\t\t\tclass=\"sow-accordion-panel-content\"\n\t\t\t\trole=\"region\"\n\t\t\t\taria-labelledby=\"accordion-label-1-kui-varakult-pean-telgi-reserveerima\"\n\t\t\t\tid=\"accordion-content-1-kui-varakult-pean-telgi-reserveerima\"\n\t\t\t\t\t\t\t>\n\t\t\t\t<div class=\"sow-accordion-panel-border\" tabindex=\"0\">\n\t\t\t\t\t<p>Soovitame telgid reserveerida v\u00e4hemalt 2 kuud enne Teie poolt kavandatud \u00fcritust. \u00d5igeaegne reserveerimine tagab selle, et me v\u00f5ime Teile oma laost pakkuda k\u00f5iki Teie poolt soovitud telkide t\u00fc\u00fcpe ja suurusi. T\u00e4itke firma \u201cAkur\u0101ts\u201d Tellimisp\u00f5hi ning t\u00e4psustage Teid huvitava telgi\/telkide ning Teie poolt korraldatava \u00fcrituse kohta k\u00e4ivat informatsiooni. \u201eAkur\u0101ts\u201d O\u00dc t\u00f6\u00f6tajad v\u00f5tavad Teiega \u00fchendust \u00fche t\u00f6\u00f6p\u00e4eva jooksul.<\/p>\n\t\t\t\t<\/div>\n\t\t\t<\/div>\n\t\t<\/div>\n\t\t\t<div class=\"sow-accordion-panel\"\n\t\t\t data-anchor=\"2-kui-suure-telgi-ma-pean-reserveerima-kui-suur-on-telgi-mahutavus\">\n\t\t\t\t<div class=\"sow-accordion-panel-header-container\" role=\"heading\" aria-level=\"2\">\n\t\t\t\t\t<div class=\"sow-accordion-panel-header\" tabindex=\"0\" role=\"button\" id=\"accordion-label-2-kui-suure-telgi-ma-pean-reserveerima-kui-suur-on-telgi-mahutavus\" aria-controls=\"accordion-content-2-kui-suure-telgi-ma-pean-reserveerima-kui-suur-on-telgi-mahutavus\" aria-expanded=\"false\">\n\t\t\t\t\t\t<div class=\"sow-accordion-title sow-accordion-title-icon-left\">\n\t\t\t\t\t\t\t\t\t\t\t\t\t\t2. Kui suure telgi ma pean reserveerima? Kui suur on telgi mahutavus?\t\t\t\t\t\t\t\t\t\t\t\t\t<\/div>\n\t\t\t\t\t\t<div class=\"sow-accordion-open-close-button\">\n\t\t\t\t\t\t\t<div class=\"sow-accordion-open-button\">\n\t\t\t\t\t\t\t\t<span class=\"sow-icon-ionicons\" data-sow-icon=\"&#xf218;\"\n\t\t \n\t\taria-hidden=\"true\"><\/span>\t\t\t\t\t\t\t<\/div>\n\t\t\t\t\t\t\t<div class=\"sow-accordion-close-button\">\n\t\t\t\t\t\t\t\t<span class=\"sow-icon-ionicons\" data-sow-icon=\"&#xf209;\"\n\t\t \n\t\taria-hidden=\"true\"><\/span>\t\t\t\t\t\t\t<\/div>\n\t\t\t\t\t\t<\/div>\n\t\t\t\t\t<\/div>\n\t\t\t\t<\/div>\n\n\t\t\t<div\n\t\t\t\tclass=\"sow-accordion-panel-content\"\n\t\t\t\trole=\"region\"\n\t\t\t\taria-labelledby=\"accordion-label-2-kui-suure-telgi-ma-pean-reserveerima-kui-suur-on-telgi-mahutavus\"\n\t\t\t\tid=\"accordion-content-2-kui-suure-telgi-ma-pean-reserveerima-kui-suur-on-telgi-mahutavus\"\n\t\t\t\tstyle=\"display: none;\"\t\t\t>\n\t\t\t\t<div class=\"sow-accordion-panel-border\" tabindex=\"0\">\n\t\t\t\t\t<p>Loomulikult s\u00f5ltub telgi suurus sellest, millist \u00fcritust Te soovite korraldada \u2013kas see on kontsert, disko, kaetud lauad v\u00f5i kasutate telki laoruumina ja tooteesitluse jaoks. Iga juhtum on individuaalne. Samas, kui Te kavandate \u00fcritust, mis eeldab k\u00fclalistelt aktiivset osav\u00f5ttu, siis tuleks \u00fche inimese jaoks arvestada 2 m2 pinda. Jaotises Telgid on \u00e4ra toodud iga telgit\u00fc\u00fcbi kohta k\u00e4iv \u00fcksikasjalik kirjeldus.<\/p>\n\t\t\t\t<\/div>\n\t\t\t<\/div>\n\t\t<\/div>\n\t\t\t<div class=\"sow-accordion-panel\"\n\t\t\t data-anchor=\"3-millist-p%c3%b5randakatet-valida\">\n\t\t\t\t<div class=\"sow-accordion-panel-header-container\" role=\"heading\" aria-level=\"2\">\n\t\t\t\t\t<div class=\"sow-accordion-panel-header\" tabindex=\"0\" role=\"button\" id=\"accordion-label-3-millist-p%c3%b5randakatet-valida\" aria-controls=\"accordion-content-3-millist-p%c3%b5randakatet-valida\" aria-expanded=\"false\">\n\t\t\t\t\t\t<div class=\"sow-accordion-title sow-accordion-title-icon-left\">\n\t\t\t\t\t\t\t\t\t\t\t\t\t\t3. Millist p\u00f5randakatet valida?\t\t\t\t\t\t\t\t\t\t\t\t\t<\/div>\n\t\t\t\t\t\t<div class=\"sow-accordion-open-close-button\">\n\t\t\t\t\t\t\t<div class=\"sow-accordion-open-button\">\n\t\t\t\t\t\t\t\t<span class=\"sow-icon-ionicons\" data-sow-icon=\"&#xf218;\"\n\t\t \n\t\taria-hidden=\"true\"><\/span>\t\t\t\t\t\t\t<\/div>\n\t\t\t\t\t\t\t<div class=\"sow-accordion-close-button\">\n\t\t\t\t\t\t\t\t<span class=\"sow-icon-ionicons\" data-sow-icon=\"&#xf209;\"\n\t\t \n\t\taria-hidden=\"true\"><\/span>\t\t\t\t\t\t\t<\/div>\n\t\t\t\t\t\t<\/div>\n\t\t\t\t\t<\/div>\n\t\t\t\t<\/div>\n\n\t\t\t<div\n\t\t\t\tclass=\"sow-accordion-panel-content\"\n\t\t\t\trole=\"region\"\n\t\t\t\taria-labelledby=\"accordion-label-3-millist-p%c3%b5randakatet-valida\"\n\t\t\t\tid=\"accordion-content-3-millist-p%c3%b5randakatet-valida\"\n\t\t\t\tstyle=\"display: none;\"\t\t\t>\n\t\t\t\t<div class=\"sow-accordion-panel-border\" tabindex=\"0\">\n\t\t\t\t\t<p><strong>Plastmassp\u00f5rand<\/strong> \u2013 roheline lahtirullitav plastmassp\u00f5rand muru kinnikatmiseks. Antud p\u00f5randal pole soovitav tantsida, see sobib rohkem n\u00e4ituste, esitluste jaoks, samuti selliste \u00fcrituste jaoks, kus lihtsalt rahulikult laua taga istutakse. Plastmassp\u00f5randa kvaliteetseks mahalaotamiseks peab selle all olema \u00fchetasane aluspind. Plastmassp\u00f5randa v\u00f5ib maha laotada kuni -5\u00b0C temperatuuriga. V\u00f5imalik plastmassp\u00f5randaga kaetav pind: 1 m2 \u2013 1000 m2.<\/p>\n<p><strong>Puup\u00f5rand<\/strong> \u2013 vastupidav laudp\u00f5rand, mis sobib igasugusteks \u00fcritusteks \u2013kontserditeks, pulmadeks, tantsu\u00f5htuteks ja muuks aktiivseks ajaviitmiseks. P\u00f5rand pannakse maha metallkonstruktsioonile: 25 m2 -1000 m2. Puup\u00f5randat v\u00f5ib kasutada ka talvel. Ka puup\u00f5randa mahapanemiseks l\u00e4heb vaja \u00fchetasast aluspinda.<\/p>\n<p>Jaotises P\u00f5randad on \u00e4ra toodud \u00fcksikasjalik informatsioon iga p\u00f5randat\u00fc\u00fcbi kohta, samuti fotod.<\/p>\n\t\t\t\t<\/div>\n\t\t\t<\/div>\n\t\t<\/div>\n\t\t\t<div class=\"sow-accordion-panel\"\n\t\t\t data-anchor=\"4-kas-telki-on-v%c3%b5imalik-soojustada\">\n\t\t\t\t<div class=\"sow-accordion-panel-header-container\" role=\"heading\" aria-level=\"2\">\n\t\t\t\t\t<div class=\"sow-accordion-panel-header\" tabindex=\"0\" role=\"button\" id=\"accordion-label-4-kas-telki-on-v%c3%b5imalik-soojustada\" aria-controls=\"accordion-content-4-kas-telki-on-v%c3%b5imalik-soojustada\" aria-expanded=\"false\">\n\t\t\t\t\t\t<div class=\"sow-accordion-title sow-accordion-title-icon-left\">\n\t\t\t\t\t\t\t\t\t\t\t\t\t\t4. Kas telki on v\u00f5imalik soojustada?\t\t\t\t\t\t\t\t\t\t\t\t\t<\/div>\n\t\t\t\t\t\t<div class=\"sow-accordion-open-close-button\">\n\t\t\t\t\t\t\t<div class=\"sow-accordion-open-button\">\n\t\t\t\t\t\t\t\t<span class=\"sow-icon-ionicons\" data-sow-icon=\"&#xf218;\"\n\t\t \n\t\taria-hidden=\"true\"><\/span>\t\t\t\t\t\t\t<\/div>\n\t\t\t\t\t\t\t<div class=\"sow-accordion-close-button\">\n\t\t\t\t\t\t\t\t<span class=\"sow-icon-ionicons\" data-sow-icon=\"&#xf209;\"\n\t\t \n\t\taria-hidden=\"true\"><\/span>\t\t\t\t\t\t\t<\/div>\n\t\t\t\t\t\t<\/div>\n\t\t\t\t\t<\/div>\n\t\t\t\t<\/div>\n\n\t\t\t<div\n\t\t\t\tclass=\"sow-accordion-panel-content\"\n\t\t\t\trole=\"region\"\n\t\t\t\taria-labelledby=\"accordion-label-4-kas-telki-on-v%c3%b5imalik-soojustada\"\n\t\t\t\tid=\"accordion-content-4-kas-telki-on-v%c3%b5imalik-soojustada\"\n\t\t\t\tstyle=\"display: none;\"\t\t\t>\n\t\t\t\t<div class=\"sow-accordion-panel-border\" tabindex=\"0\">\n\t\t\t\t\t<p>Jah, igat telki v\u00f5ib spetsiaalsete gaasisoojenditega k\u00fctta. T\u00e4nu sellele v\u00f5ite telke kasutada ka jahedate ilmadega \u2013 kevadel, talvel v\u00f5i s\u00fcgisel, muutes telgi hubaseks ja soojaks ajaviitmise kohaks. \u201cAkur\u0101ts\u201d O\u00dc pakub propaaniga t\u00f6\u00f6tavaid, metallv\u00e4rvi terrassisoojendeid. \u00dche taolise soojendiga v\u00f5ib soojaks k\u00fctta umbes 20 m2 suuruse pinna. Soojendi suurus on 750mm (diameeter) x 2250mm (k\u00f5rgus). Soojendi soojusallikaks on propaaniballoon, mis paigutatakse soojendi alusesse. Soojendi v\u00f5imsus on 13 Kw.<\/p>\n\t\t\t\t<\/div>\n\t\t\t<\/div>\n\t\t<\/div>\n\t\t\t<div class=\"sow-accordion-panel\"\n\t\t\t data-anchor=\"5-kas-telki-v%c3%b5ib-paigaldada-valgustuse-millise\">\n\t\t\t\t<div class=\"sow-accordion-panel-header-container\" role=\"heading\" aria-level=\"2\">\n\t\t\t\t\t<div class=\"sow-accordion-panel-header\" tabindex=\"0\" role=\"button\" id=\"accordion-label-5-kas-telki-v%c3%b5ib-paigaldada-valgustuse-millise\" aria-controls=\"accordion-content-5-kas-telki-v%c3%b5ib-paigaldada-valgustuse-millise\" aria-expanded=\"false\">\n\t\t\t\t\t\t<div class=\"sow-accordion-title sow-accordion-title-icon-left\">\n\t\t\t\t\t\t\t\t\t\t\t\t\t\t5.  Kas telki v\u00f5ib paigaldada valgustuse, millise?\t\t\t\t\t\t\t\t\t\t\t\t\t<\/div>\n\t\t\t\t\t\t<div class=\"sow-accordion-open-close-button\">\n\t\t\t\t\t\t\t<div class=\"sow-accordion-open-button\">\n\t\t\t\t\t\t\t\t<span class=\"sow-icon-ionicons\" data-sow-icon=\"&#xf218;\"\n\t\t \n\t\taria-hidden=\"true\"><\/span>\t\t\t\t\t\t\t<\/div>\n\t\t\t\t\t\t\t<div class=\"sow-accordion-close-button\">\n\t\t\t\t\t\t\t\t<span class=\"sow-icon-ionicons\" data-sow-icon=\"&#xf209;\"\n\t\t \n\t\taria-hidden=\"true\"><\/span>\t\t\t\t\t\t\t<\/div>\n\t\t\t\t\t\t<\/div>\n\t\t\t\t\t<\/div>\n\t\t\t\t<\/div>\n\n\t\t\t<div\n\t\t\t\tclass=\"sow-accordion-panel-content\"\n\t\t\t\trole=\"region\"\n\t\t\t\taria-labelledby=\"accordion-label-5-kas-telki-v%c3%b5ib-paigaldada-valgustuse-millise\"\n\t\t\t\tid=\"accordion-content-5-kas-telki-v%c3%b5ib-paigaldada-valgustuse-millise\"\n\t\t\t\tstyle=\"display: none;\"\t\t\t>\n\t\t\t\t<div class=\"sow-accordion-panel-border\" tabindex=\"0\">\n\t\t\t\t\t<p>Jah, igasse telki v\u00f5ib paigaldada valgustuse, mis v\u00f5imaldab Teil telke kasutada ka pimedal ajal. \u201cAkur\u0101ts\u201d O\u00dc pakub valgustuseks p\u00e4evavalguslampe. Lambi pikkus \u2013 120cm, laius \u2013 10cm. \u00dcks p\u00e4evavalguslamp valgustab piisavalt h\u00e4sti kuni 10m2 suurust pinda. Lambi paigaldamiseks peab olema tagatud 120W toiteallika olemasolu telgi asukohas.<\/p>\n\t\t\t\t<\/div>\n\t\t\t<\/div>\n\t\t<\/div>\n\t\t\t<div class=\"sow-accordion-panel\"\n\t\t\t data-anchor=\"6-kas-telki-v%c3%b5ib-kohale-toimetada-suvalisse-l%c3%a4ti-kohta\">\n\t\t\t\t<div class=\"sow-accordion-panel-header-container\" role=\"heading\" aria-level=\"2\">\n\t\t\t\t\t<div class=\"sow-accordion-panel-header\" tabindex=\"0\" role=\"button\" id=\"accordion-label-6-kas-telki-v%c3%b5ib-kohale-toimetada-suvalisse-l%c3%a4ti-kohta\" aria-controls=\"accordion-content-6-kas-telki-v%c3%b5ib-kohale-toimetada-suvalisse-l%c3%a4ti-kohta\" aria-expanded=\"false\">\n\t\t\t\t\t\t<div class=\"sow-accordion-title sow-accordion-title-icon-left\">\n\t\t\t\t\t\t\t\t\t\t\t\t\t\t6. Kas telki v\u00f5ib kohale toimetada suvalisse L\u00e4ti kohta?\t\t\t\t\t\t\t\t\t\t\t\t\t<\/div>\n\t\t\t\t\t\t<div class=\"sow-accordion-open-close-button\">\n\t\t\t\t\t\t\t<div class=\"sow-accordion-open-button\">\n\t\t\t\t\t\t\t\t<span class=\"sow-icon-ionicons\" data-sow-icon=\"&#xf218;\"\n\t\t \n\t\taria-hidden=\"true\"><\/span>\t\t\t\t\t\t\t<\/div>\n\t\t\t\t\t\t\t<div class=\"sow-accordion-close-button\">\n\t\t\t\t\t\t\t\t<span class=\"sow-icon-ionicons\" data-sow-icon=\"&#xf209;\"\n\t\t \n\t\taria-hidden=\"true\"><\/span>\t\t\t\t\t\t\t<\/div>\n\t\t\t\t\t\t<\/div>\n\t\t\t\t\t<\/div>\n\t\t\t\t<\/div>\n\n\t\t\t<div\n\t\t\t\tclass=\"sow-accordion-panel-content\"\n\t\t\t\trole=\"region\"\n\t\t\t\taria-labelledby=\"accordion-label-6-kas-telki-v%c3%b5ib-kohale-toimetada-suvalisse-l%c3%a4ti-kohta\"\n\t\t\t\tid=\"accordion-content-6-kas-telki-v%c3%b5ib-kohale-toimetada-suvalisse-l%c3%a4ti-kohta\"\n\t\t\t\tstyle=\"display: none;\"\t\t\t>\n\t\t\t\t<div class=\"sow-accordion-panel-border\" tabindex=\"0\">\n\t\t\t\t\t<p>\u201cAkur\u0101ts\u201d montaa\u017eibrigaad transpordib Teie poolt tellitud telgi \u00fcksk\u00f5ik millisesse L\u00e4ti, Leedu ja Eesti paika \u2013 linna, valda v\u00f5i k\u00fclasse, paneb telgi \u00fcles ja v\u00f5tab hiljem ka maha. Eelnevalt tuleb kokku leppida Teie poolt plaanitava \u00fcrituse t\u00e4pse toimumisaja ja toimumiskoha suhtes, samuti soovitava telgi \u00fclespanemise-ja lahtiv\u00f5tmisaja suhtes.<\/p>\n\t\t\t\t<\/div>\n\t\t\t<\/div>\n\t\t<\/div>\n\t\t\t<div class=\"sow-accordion-panel\"\n\t\t\t data-anchor=\"7-kui-kaua-telgi-%c3%bclespanek-aega-v%c3%b5tab\">\n\t\t\t\t<div class=\"sow-accordion-panel-header-container\" role=\"heading\" aria-level=\"2\">\n\t\t\t\t\t<div class=\"sow-accordion-panel-header\" tabindex=\"0\" role=\"button\" id=\"accordion-label-7-kui-kaua-telgi-%c3%bclespanek-aega-v%c3%b5tab\" aria-controls=\"accordion-content-7-kui-kaua-telgi-%c3%bclespanek-aega-v%c3%b5tab\" aria-expanded=\"false\">\n\t\t\t\t\t\t<div class=\"sow-accordion-title sow-accordion-title-icon-left\">\n\t\t\t\t\t\t\t\t\t\t\t\t\t\t7. Kui kaua telgi \u00fclespanek aega v\u00f5tab?\t\t\t\t\t\t\t\t\t\t\t\t\t<\/div>\n\t\t\t\t\t\t<div class=\"sow-accordion-open-close-button\">\n\t\t\t\t\t\t\t<div class=\"sow-accordion-open-button\">\n\t\t\t\t\t\t\t\t<span class=\"sow-icon-ionicons\" data-sow-icon=\"&#xf218;\"\n\t\t \n\t\taria-hidden=\"true\"><\/span>\t\t\t\t\t\t\t<\/div>\n\t\t\t\t\t\t\t<div class=\"sow-accordion-close-button\">\n\t\t\t\t\t\t\t\t<span class=\"sow-icon-ionicons\" data-sow-icon=\"&#xf209;\"\n\t\t \n\t\taria-hidden=\"true\"><\/span>\t\t\t\t\t\t\t<\/div>\n\t\t\t\t\t\t<\/div>\n\t\t\t\t\t<\/div>\n\t\t\t\t<\/div>\n\n\t\t\t<div\n\t\t\t\tclass=\"sow-accordion-panel-content\"\n\t\t\t\trole=\"region\"\n\t\t\t\taria-labelledby=\"accordion-label-7-kui-kaua-telgi-%c3%bclespanek-aega-v%c3%b5tab\"\n\t\t\t\tid=\"accordion-content-7-kui-kaua-telgi-%c3%bclespanek-aega-v%c3%b5tab\"\n\t\t\t\tstyle=\"display: none;\"\t\t\t>\n\t\t\t\t<div class=\"sow-accordion-panel-border\" tabindex=\"0\">\n\t\t\t\t\t<p>Kui te olete telgi tellinud, siis toob \u201cAkur\u0101ts\u201d O\u00dc montaa\u017eibrigaad selle kohale, paneb \u00fcles ning v\u00f5tab hiljem maha. Iga telgi \u00fclespanekuks kulub erinev aeg \u2013 v\u00e4ikese telgi jaoks alates 30 minutist, suurte telkide jaoks kuni 8 tundi. Selleks, et Teie \u00fcritus kulgeks plaanip\u00e4raselt ja ilma viivitusteta, peate arvestama telgi \u00fclespanemiseks vajaliku ajaga. Puu-v\u00f5i plastmassp\u00f5randa paigaldamisele l\u00e4heb vaja lisaaega. Teie \u00fcrituse ladusaks toimumiseks plaanige oma ajakavasse juba eelnevalt teie poolt tellitud inventari montaa\u017eiaeg.<\/p>\n<p>Loomulikult v\u00f5ivad telgi montaa\u017eiaega m\u00f5jutada sellised asjaolud nagu ilmastikutingimused, telgi asukoht ja sellele ligip\u00e4\u00e4s, l\u00e4bip\u00e4\u00e4sulubade n\u00f5udmine, samuti sellised juhud, kui telgi asukohta pole korralikku s\u00f5iduteed v\u00f5i s\u00f5iduteel asuvad teised s\u00f5idukid. Taolisi asjaolusid peab tellija arvestama v\u00f5i need k\u00f5rvaldama.<\/p>\n\t\t\t\t<\/div>\n\t\t\t<\/div>\n\t\t<\/div>\n\t\t\t<div class=\"sow-accordion-panel\"\n\t\t\t data-anchor=\"8-kas-ma-ise-v%c3%b5in-telgi-%c3%bclesse-panna\">\n\t\t\t\t<div class=\"sow-accordion-panel-header-container\" role=\"heading\" aria-level=\"2\">\n\t\t\t\t\t<div class=\"sow-accordion-panel-header\" tabindex=\"0\" role=\"button\" id=\"accordion-label-8-kas-ma-ise-v%c3%b5in-telgi-%c3%bclesse-panna\" aria-controls=\"accordion-content-8-kas-ma-ise-v%c3%b5in-telgi-%c3%bclesse-panna\" aria-expanded=\"false\">\n\t\t\t\t\t\t<div class=\"sow-accordion-title sow-accordion-title-icon-left\">\n\t\t\t\t\t\t\t\t\t\t\t\t\t\t8. Kas ma ise v\u00f5in telgi \u00fclesse panna?\t\t\t\t\t\t\t\t\t\t\t\t\t<\/div>\n\t\t\t\t\t\t<div class=\"sow-accordion-open-close-button\">\n\t\t\t\t\t\t\t<div class=\"sow-accordion-open-button\">\n\t\t\t\t\t\t\t\t<span class=\"sow-icon-ionicons\" data-sow-icon=\"&#xf218;\"\n\t\t \n\t\taria-hidden=\"true\"><\/span>\t\t\t\t\t\t\t<\/div>\n\t\t\t\t\t\t\t<div class=\"sow-accordion-close-button\">\n\t\t\t\t\t\t\t\t<span class=\"sow-icon-ionicons\" data-sow-icon=\"&#xf209;\"\n\t\t \n\t\taria-hidden=\"true\"><\/span>\t\t\t\t\t\t\t<\/div>\n\t\t\t\t\t\t<\/div>\n\t\t\t\t\t<\/div>\n\t\t\t\t<\/div>\n\n\t\t\t<div\n\t\t\t\tclass=\"sow-accordion-panel-content\"\n\t\t\t\trole=\"region\"\n\t\t\t\taria-labelledby=\"accordion-label-8-kas-ma-ise-v%c3%b5in-telgi-%c3%bclesse-panna\"\n\t\t\t\tid=\"accordion-content-8-kas-ma-ise-v%c3%b5in-telgi-%c3%bclesse-panna\"\n\t\t\t\tstyle=\"display: none;\"\t\t\t>\n\t\t\t\t<div class=\"sow-accordion-panel-border\" tabindex=\"0\">\n\t\t\t\t\t<p>Klient v\u00f5ib ise \u00fclesse panna 3\u00d73 (9m2) telgi ning 50 m2 telgi T\u00c4HT Sellisel juhul peab tellija ise telgile j\u00e4rele tulema \u2013 meie firma \u201cAkur\u0101ts\u201d lattu, ise telgi koha peal \u00fcles panema ning ka ise tagasi tooma. K\u00f5ikide teiste suurte telkide \u00f5ige ja kvaliteetne paigaldamine ja lahtiv\u00f5tmine n\u00f5uab spetsiaalseid tehnilisi oskusi ja kogemusi, seep\u00e4rast teostatakse seda \u201cAkur\u0101ts\u201d O\u00dc montaa\u017eibrigaadi poolt.<\/p>\n\t\t\t\t<\/div>\n\t\t\t<\/div>\n\t\t<\/div>\n\t\t\t<div class=\"sow-accordion-panel\"\n\t\t\t data-anchor=\"9-mida-teha-sel-juhul-kui-telgi-paigalduskohta-pole-autoga-v%c3%b5imalik-ligi-p%c3%a4%c3%a4seda\">\n\t\t\t\t<div class=\"sow-accordion-panel-header-container\" role=\"heading\" aria-level=\"2\">\n\t\t\t\t\t<div class=\"sow-accordion-panel-header\" tabindex=\"0\" role=\"button\" id=\"accordion-label-9-mida-teha-sel-juhul-kui-telgi-paigalduskohta-pole-autoga-v%c3%b5imalik-ligi-p%c3%a4%c3%a4seda\" aria-controls=\"accordion-content-9-mida-teha-sel-juhul-kui-telgi-paigalduskohta-pole-autoga-v%c3%b5imalik-ligi-p%c3%a4%c3%a4seda\" aria-expanded=\"false\">\n\t\t\t\t\t\t<div class=\"sow-accordion-title sow-accordion-title-icon-left\">\n\t\t\t\t\t\t\t\t\t\t\t\t\t\t9. Mida teha sel juhul, kui telgi paigalduskohta pole autoga v\u00f5imalik ligi p\u00e4\u00e4seda?\t\t\t\t\t\t\t\t\t\t\t\t\t<\/div>\n\t\t\t\t\t\t<div class=\"sow-accordion-open-close-button\">\n\t\t\t\t\t\t\t<div class=\"sow-accordion-open-button\">\n\t\t\t\t\t\t\t\t<span class=\"sow-icon-ionicons\" data-sow-icon=\"&#xf218;\"\n\t\t \n\t\taria-hidden=\"true\"><\/span>\t\t\t\t\t\t\t<\/div>\n\t\t\t\t\t\t\t<div class=\"sow-accordion-close-button\">\n\t\t\t\t\t\t\t\t<span class=\"sow-icon-ionicons\" data-sow-icon=\"&#xf209;\"\n\t\t \n\t\taria-hidden=\"true\"><\/span>\t\t\t\t\t\t\t<\/div>\n\t\t\t\t\t\t<\/div>\n\t\t\t\t\t<\/div>\n\t\t\t\t<\/div>\n\n\t\t\t<div\n\t\t\t\tclass=\"sow-accordion-panel-content\"\n\t\t\t\trole=\"region\"\n\t\t\t\taria-labelledby=\"accordion-label-9-mida-teha-sel-juhul-kui-telgi-paigalduskohta-pole-autoga-v%c3%b5imalik-ligi-p%c3%a4%c3%a4seda\"\n\t\t\t\tid=\"accordion-content-9-mida-teha-sel-juhul-kui-telgi-paigalduskohta-pole-autoga-v%c3%b5imalik-ligi-p%c3%a4%c3%a4seda\"\n\t\t\t\tstyle=\"display: none;\"\t\t\t>\n\t\t\t\t<div class=\"sow-accordion-panel-border\" tabindex=\"0\">\n\t\t\t\t\t<p>Kui te hakkate oma \u00fcritust ja telgi paigalduskohta planeerima, siis kontrollige eelnevalt, et Teie poolt kavandatud kohta oleks v\u00f5imalik autoga ligi p\u00e4\u00e4seda. S\u00f5idutee olemasolu on kohustuslik, et \u201cAkur\u0101ts\u201d O\u00dc montaa\u017eibrigaad v\u00f5iks teostada telgi \u00fclespanemisega seotud t\u00f6id. Kui te kahtelete s\u00f5idutee l\u00e4bitavuse suhtes, siis s\u00f5idab \u201cAkur\u0101ts\u201d brigaad telgi \u00fclespanemiseks ette n\u00e4htud kohale, hindab seda ning annab asjasse puutuvat n\u00f5u.<\/p>\n\t\t\t\t<\/div>\n\t\t\t<\/div>\n\t\t<\/div>\n\t\t\t<div class=\"sow-accordion-panel\"\n\t\t\t data-anchor=\"10-millised-on-telgi-seinte-suurused-ning-katuseharja-k%c3%b5rgus\">\n\t\t\t\t<div class=\"sow-accordion-panel-header-container\" role=\"heading\" aria-level=\"2\">\n\t\t\t\t\t<div class=\"sow-accordion-panel-header\" tabindex=\"0\" role=\"button\" id=\"accordion-label-10-millised-on-telgi-seinte-suurused-ning-katuseharja-k%c3%b5rgus\" aria-controls=\"accordion-content-10-millised-on-telgi-seinte-suurused-ning-katuseharja-k%c3%b5rgus\" aria-expanded=\"false\">\n\t\t\t\t\t\t<div class=\"sow-accordion-title sow-accordion-title-icon-left\">\n\t\t\t\t\t\t\t\t\t\t\t\t\t\t10. Millised on telgi seinte suurused ning katuseharja k\u00f5rgus?\t\t\t\t\t\t\t\t\t\t\t\t\t<\/div>\n\t\t\t\t\t\t<div class=\"sow-accordion-open-close-button\">\n\t\t\t\t\t\t\t<div class=\"sow-accordion-open-button\">\n\t\t\t\t\t\t\t\t<span class=\"sow-icon-ionicons\" data-sow-icon=\"&#xf218;\"\n\t\t \n\t\taria-hidden=\"true\"><\/span>\t\t\t\t\t\t\t<\/div>\n\t\t\t\t\t\t\t<div class=\"sow-accordion-close-button\">\n\t\t\t\t\t\t\t\t<span class=\"sow-icon-ionicons\" data-sow-icon=\"&#xf209;\"\n\t\t \n\t\taria-hidden=\"true\"><\/span>\t\t\t\t\t\t\t<\/div>\n\t\t\t\t\t\t<\/div>\n\t\t\t\t\t<\/div>\n\t\t\t\t<\/div>\n\n\t\t\t<div\n\t\t\t\tclass=\"sow-accordion-panel-content\"\n\t\t\t\trole=\"region\"\n\t\t\t\taria-labelledby=\"accordion-label-10-millised-on-telgi-seinte-suurused-ning-katuseharja-k%c3%b5rgus\"\n\t\t\t\tid=\"accordion-content-10-millised-on-telgi-seinte-suurused-ning-katuseharja-k%c3%b5rgus\"\n\t\t\t\tstyle=\"display: none;\"\t\t\t>\n\t\t\t\t<div class=\"sow-accordion-panel-border\" tabindex=\"0\">\n\t\t\t\t\tEnne telgi paigaldamist Teie poolt v\u00e4ljavalitud kohta veenduge, et seal oleks piisavalt ruumi tellitava telgi jaoks \u2013 s.t. oleks piisavalt pinda p\u00f5randaplatsi jaoks, samuti piisav k\u00f5rgus telgi katuseharja jaoks. Tuleb samuti kontrollida, et telgi \u00fclespanekut ei takistaks \u00fcmbritsevad hooned, puuoksad jmt. Allpool olevas tabelis on \u00e4ra toodud \u201cAkur\u0101ts\u201d O\u00dc telkide seinte laiused ja k\u00f5rgused, samuti telgi katuseharja k\u00f5rgused:\n<table class=\"table\">\n  <thead>\n    <tr  class=\"active\">\n      <th class=\"align-center\">Telk<\/th>\n      <th class=\"align-center\">K\u00fclje laius<\/th>\n      <th class=\"align-center\">K\u00fclje k\u00f5rgus<\/th>\n      <th class=\"align-center\">Katuseharja k\u00f5rgus<\/th>\n    <\/tr>\n  <\/thead>\n  <tbody>\n    <tr>\n      <td class=\"align-center\">3x3<\/td>\n      <td class=\"align-center\">3m<\/td>\n      <td class=\"align-center\">2,4m<\/td>\n      <td class=\"align-center\">3,2m<\/td>\n    <\/tr>\n    <tr>\n      <td class=\"align-center\">5\u00d75 VIP<\/td>\n      <td class=\"align-center\">5m<\/td>\n      <td class=\"align-center\">2,5m<\/td>\n      <td class=\"align-center\">5m<\/td>\n    <\/tr>\n    <tr>\n      <td class=\"align-center\">5\u00d75<\/td>\n      <td class=\"align-center\">5m<\/td>\n      <td class=\"align-center\">2,3m<\/td>\n      <td class=\"align-center\">3,5m\/td>\n    <\/td><\/tr>\n    <tr>\n      <td class=\"align-center\">10x60VIP<\/td>\n      <td class=\"align-center\">5m<\/td>\n      <td class=\"align-center\">2,5m<\/td>\n      <td class=\"align-center\">4,3m<\/td>\n    <\/tr>\n    <tr>\n      <td class=\"align-center\">12\u00d750<\/td>\n      <td class=\"align-center\">5m<\/td>\n      <td class=\"align-center\">2,3m<\/td>\n      <td class=\"align-center\">4,3m<\/td>\n    <\/tr>\n    <tr>\n      <td class=\"align-center\">20\u00d7100<\/td>\n      <td class=\"align-center\">5m<\/td>\n      <td class=\"align-center\">3m<\/td>\n      <td class=\"align-center\">6m<\/td>\n    <\/tr>\n    <tr>\n      <td class=\"align-center\">10X50<\/td>\n      <td class=\"align-center\">5m<\/td>\n      <td class=\"align-center\">2,4m<\/td>\n      <td class=\"align-center\">4m<\/td>\n    <\/tr>\n  <\/tbody>\n<\/table>\n\t\t\t\t<\/div>\n\t\t\t<\/div>\n\t\t<\/div>\n\t\t<\/div>\n<\/div>\n<\/div><\/div><\/div><\/div><\/div><\/div>","protected":false},"excerpt":{"rendered":"<p>1. Kui varakult pean telgi reserveerima? Soovitame telgid reserveerida v\u00e4hemalt 2 kuud enne Teie poolt kavandatud \u00fcritust. \u00d5igeaegne reserveerimine tagab selle, et me v\u00f5ime Teile oma laost pakkuda k\u00f5iki Teie poolt soovitud telkide t\u00fc\u00fcpe ja suurusi. T\u00e4itke firma \u201cAkur\u0101ts\u201d Tellimisp\u00f5hi ning t\u00e4psustage Teid huvitava telgi\/telkide ning Teie poolt korraldatava \u00fcrituse kohta k\u00e4ivat informatsiooni. \u201eAkur\u0101ts\u201d O\u00dc &hellip;<\/p>\n","protected":false},"author":1,"featured_media":0,"parent":1917,"menu_order":0,"comment_status":"closed","ping_status":"closed","template":"","meta":[],"acf":[],"yoast_head":"<!-- This site is optimized with the Yoast SEO plugin v19.9 - https:\/\/yoast.com\/wordpress\/plugins\/seo\/ -->\n<title>KKK - Ak\u016brats<\/title>\n<meta name=\"robots\" content=\"index, follow, max-snippet:-1, max-image-preview:large, max-video-preview:-1\" \/>\n<link rel=\"canonical\" href=\"https:\/\/akurats.com\/et\/meist\/kkk\/\" \/>\n<meta name=\"twitter:label1\" content=\"Est. reading time\" \/>\n\t<meta name=\"twitter:data1\" content=\"2 minutes\" \/>\n<script type=\"application\/ld+json\" class=\"yoast-schema-graph\">{\"@context\":\"https:\/\/schema.org\",\"@graph\":[{\"@type\":\"WebPage\",\"@id\":\"https:\/\/akurats.com\/et\/meist\/kkk\/\",\"url\":\"https:\/\/akurats.com\/et\/meist\/kkk\/\",\"name\":\"KKK - Ak\u016brats\",\"isPartOf\":{\"@id\":\"https:\/\/akurats.com\/en\/#website\"},\"datePublished\":\"2015-10-12T08:23:28+00:00\",\"dateModified\":\"2021-10-12T17:58:19+00:00\",\"breadcrumb\":{\"@id\":\"https:\/\/akurats.com\/et\/meist\/kkk\/#breadcrumb\"},\"inLanguage\":\"et\",\"potentialAction\":[{\"@type\":\"ReadAction\",\"target\":[\"https:\/\/akurats.com\/et\/meist\/kkk\/\"]}]},{\"@type\":\"BreadcrumbList\",\"@id\":\"https:\/\/akurats.com\/et\/meist\/kkk\/#breadcrumb\",\"itemListElement\":[{\"@type\":\"ListItem\",\"position\":1,\"name\":\"Home\",\"item\":\"https:\/\/akurats.com\/et\/\"},{\"@type\":\"ListItem\",\"position\":2,\"name\":\"Meist\",\"item\":\"https:\/\/akurats.com\/et\/meist\/\"},{\"@type\":\"ListItem\",\"position\":3,\"name\":\"KKK\"}]},{\"@type\":\"WebSite\",\"@id\":\"https:\/\/akurats.com\/en\/#website\",\"url\":\"https:\/\/akurats.com\/en\/\",\"name\":\"Akur\u0101ts\",\"description\":\"\u00fcrituste varustuse teenus\",\"publisher\":{\"@id\":\"https:\/\/akurats.com\/en\/#organization\"},\"alternateName\":\"Event equipment service\",\"potentialAction\":[{\"@type\":\"SearchAction\",\"target\":{\"@type\":\"EntryPoint\",\"urlTemplate\":\"https:\/\/akurats.com\/en\/?s={search_term_string}\"},\"query-input\":\"required name=search_term_string\"}],\"inLanguage\":\"et\"},{\"@type\":\"Organization\",\"@id\":\"https:\/\/akurats.com\/en\/#organization\",\"name\":\"Akur\u0101ts\",\"alternateName\":\"Event equipment service\",\"url\":\"https:\/\/akurats.com\/en\/\",\"logo\":{\"@type\":\"ImageObject\",\"inLanguage\":\"et\",\"@id\":\"https:\/\/akurats.com\/en\/#\/schema\/logo\/image\/\",\"url\":\"https:\/\/akurats.com\/wp-content\/uploads\/2015\/06\/A_logo.png\",\"contentUrl\":\"https:\/\/akurats.com\/wp-content\/uploads\/2015\/06\/A_logo.png\",\"width\":77,\"height\":70,\"caption\":\"Akur\u0101ts\"},\"image\":{\"@id\":\"https:\/\/akurats.com\/en\/#\/schema\/logo\/image\/\"},\"sameAs\":[\"https:\/\/www.facebook.com\/AkuratsSIA\"]}]}<\/script>\n<!-- \/ Yoast SEO plugin. -->","yoast_head_json":{"title":"KKK - Ak\u016brats","robots":{"index":"index","follow":"follow","max-snippet":"max-snippet:-1","max-image-preview":"max-image-preview:large","max-video-preview":"max-video-preview:-1"},"canonical":"https:\/\/akurats.com\/et\/meist\/kkk\/","twitter_misc":{"Est. reading time":"2 minutes"},"schema":{"@context":"https:\/\/schema.org","@graph":[{"@type":"WebPage","@id":"https:\/\/akurats.com\/et\/meist\/kkk\/","url":"https:\/\/akurats.com\/et\/meist\/kkk\/","name":"KKK - Ak\u016brats","isPartOf":{"@id":"https:\/\/akurats.com\/en\/#website"},"datePublished":"2015-10-12T08:23:28+00:00","dateModified":"2021-10-12T17:58:19+00:00","breadcrumb":{"@id":"https:\/\/akurats.com\/et\/meist\/kkk\/#breadcrumb"},"inLanguage":"et","potentialAction":[{"@type":"ReadAction","target":["https:\/\/akurats.com\/et\/meist\/kkk\/"]}]},{"@type":"BreadcrumbList","@id":"https:\/\/akurats.com\/et\/meist\/kkk\/#breadcrumb","itemListElement":[{"@type":"ListItem","position":1,"name":"Home","item":"https:\/\/akurats.com\/et\/"},{"@type":"ListItem","position":2,"name":"Meist","item":"https:\/\/akurats.com\/et\/meist\/"},{"@type":"ListItem","position":3,"name":"KKK"}]},{"@type":"WebSite","@id":"https:\/\/akurats.com\/en\/#website","url":"https:\/\/akurats.com\/en\/","name":"Akur\u0101ts","description":"\u00fcrituste varustuse teenus","publisher":{"@id":"https:\/\/akurats.com\/en\/#organization"},"alternateName":"Event equipment service","potentialAction":[{"@type":"SearchAction","target":{"@type":"EntryPoint","urlTemplate":"https:\/\/akurats.com\/en\/?s={search_term_string}"},"query-input":"required name=search_term_string"}],"inLanguage":"et"},{"@type":"Organization","@id":"https:\/\/akurats.com\/en\/#organization","name":"Akur\u0101ts","alternateName":"Event equipment service","url":"https:\/\/akurats.com\/en\/","logo":{"@type":"ImageObject","inLanguage":"et","@id":"https:\/\/akurats.com\/en\/#\/schema\/logo\/image\/","url":"https:\/\/akurats.com\/wp-content\/uploads\/2015\/06\/A_logo.png","contentUrl":"https:\/\/akurats.com\/wp-content\/uploads\/2015\/06\/A_logo.png","width":77,"height":70,"caption":"Akur\u0101ts"},"image":{"@id":"https:\/\/akurats.com\/en\/#\/schema\/logo\/image\/"},"sameAs":["https:\/\/www.facebook.com\/AkuratsSIA"]}]}},"_links":{"self":[{"href":"https:\/\/akurats.com\/et\/wp-json\/wp\/v2\/pages\/1931"}],"collection":[{"href":"https:\/\/akurats.com\/et\/wp-json\/wp\/v2\/pages"}],"about":[{"href":"https:\/\/akurats.com\/et\/wp-json\/wp\/v2\/types\/page"}],"author":[{"embeddable":true,"href":"https:\/\/akurats.com\/et\/wp-json\/wp\/v2\/users\/1"}],"replies":[{"embeddable":true,"href":"https:\/\/akurats.com\/et\/wp-json\/wp\/v2\/comments?post=1931"}],"version-history":[{"count":10,"href":"https:\/\/akurats.com\/et\/wp-json\/wp\/v2\/pages\/1931\/revisions"}],"predecessor-version":[{"id":4492,"href":"https:\/\/akurats.com\/et\/wp-json\/wp\/v2\/pages\/1931\/revisions\/4492"}],"up":[{"embeddable":true,"href":"https:\/\/akurats.com\/et\/wp-json\/wp\/v2\/pages\/1917"}],"wp:attachment":[{"href":"https:\/\/akurats.com\/et\/wp-json\/wp\/v2\/media?parent=1931"}],"curies":[{"name":"wp","href":"https:\/\/api.w.org\/{rel}","templated":true}]}}